{"id":1023,"date":"2024-02-21T11:05:14","date_gmt":"2024-02-21T10:05:14","guid":{"rendered":"https:\/\/socjolab.pl\/?page_id=1023"},"modified":"2024-02-21T11:13:02","modified_gmt":"2024-02-21T10:13:02","slug":"jezyk-inkluzywny-w-praktyce","status":"publish","type":"page","link":"https:\/\/socjolab.pl\/?page_id=1023","title":{"rendered":"j\u0119zyk inkluzywny w praktyce"},"content":{"rendered":"\t\t<div data-elementor-type=\"wp-page\" data-elementor-id=\"1023\" class=\"elementor elementor-1023\">\n\t\t\t\t\t\t<section class=\"elementor-section elementor-top-section elementor-element elementor-element-3e486f4b elementor-section-boxed elementor-section-height-default elementor-section-height-default\" data-id=\"3e486f4b\" data-element_type=\"section\" data-e-type=\"section\">\n\t\t\t\t\t\t<div class=\"elementor-container elementor-column-gap-default\">\n\t\t\t\t\t<div class=\"elementor-column elementor-col-100 elementor-top-column elementor-element elementor-element-3bfaf195\" data-id=\"3bfaf195\" data-element_type=\"column\" data-e-type=\"column\">\n\t\t\t<div class=\"elementor-widget-wrap\">\n\t\t\t\t\t\t\t<\/div>\n\t\t<\/div>\n\t\t\t\t\t<\/div>\n\t\t<\/section>\n\t\t\t\t<section class=\"elementor-section elementor-top-section elementor-element elementor-element-6ac5a578 elementor-section-boxed elementor-section-height-default elementor-section-height-default\" data-id=\"6ac5a578\" data-element_type=\"section\" data-e-type=\"section\">\n\t\t\t\t\t\t<div class=\"elementor-container elementor-column-gap-default\">\n\t\t\t\t\t<div class=\"elementor-column elementor-col-33 elementor-top-column elementor-element elementor-element-2991a113\" data-id=\"2991a113\" data-element_type=\"column\" data-e-type=\"column\">\n\t\t\t<div class=\"elementor-widget-wrap elementor-element-populated\">\n\t\t\t\t\t\t<div class=\"elementor-element elementor-element-490c0159 elementor-widget elementor-widget-heading\" data-id=\"490c0159\" data-element_type=\"widget\" data-e-type=\"widget\" data-widget_type=\"heading.default\">\n\t\t\t\t<div class=\"elementor-widget-container\">\n\t\t\t\t\t<h2 class=\"elementor-heading-title elementor-size-default\">J\u0119zyk inkluzywny w praktyce<\/h2>\t\t\t\t<\/div>\n\t\t\t\t<\/div>\n\t\t\t\t\t<\/div>\n\t\t<\/div>\n\t\t\t\t<div class=\"elementor-column elementor-col-66 elementor-top-column elementor-element elementor-element-427752eb\" data-id=\"427752eb\" data-element_type=\"column\" data-e-type=\"column\">\n\t\t\t<div class=\"elementor-widget-wrap elementor-element-populated\">\n\t\t\t\t\t\t<div class=\"elementor-element elementor-element-2552ea0d elementor-widget elementor-widget-text-editor\" data-id=\"2552ea0d\" data-element_type=\"widget\" data-e-type=\"widget\" data-widget_type=\"text-editor.default\">\n\t\t\t\t<div class=\"elementor-widget-container\">\n\t\t\t\t\t\t\t\t\t<p>W dzisiejszych czasach, kiedy d\u0105\u017cymy do budowania spo\u0142ecze\u0144stwa opartego na r\u00f3wno\u015bci, szacunku i empatii, umiej\u0119tno\u015b\u0107 pos\u0142ugiwania si\u0119 j\u0119zykiem inkluzywnym staje si\u0119 coraz bardziej istotna. W naszym \u015brodowisku codziennym u\u017cywamy j\u0119zyka do wyra\u017cania my\u015bli, uczu\u0107 i komunikowania si\u0119 z innymi. Jednak\u017ce cz\u0119sto nie zdajemy sobie sprawy, jak bardzo nasze s\u0142owa mog\u0105 wp\u0142ywa\u0107 na innych, w\u0142\u0105czaj\u0105c w to potencjalne wykluczenie czy negatywne konotacje.<\/p><p>Dlatego w\u0142a\u015bnie dzi\u015b chcemy zwr\u00f3ci\u0107 uwag\u0119 na to, jak mo\u017cemy \u015bwiadomie kszta\u0142towa\u0107 nasze przekazy, aby by\u0107 bardziej w\u0142\u0105czaj\u0105cymi i szanuj\u0105cymi r\u00f3\u017cnorodno\u015b\u0107. W trakcie tego szkolenia zg\u0142\u0119bimy nie tylko podstawy j\u0119zyka inkluzywnego, ale r\u00f3wnie\u017c zapoznamy si\u0119 z praktycznymi przyk\u0142adami i strategiami, kt\u00f3re mo\u017cna zastosowa\u0107 zar\u00f3wno w \u017cyciu codziennym, jak i w r\u00f3\u017cnych sferach zawodowych. Naszym celem jest stworzenie przestrzeni, w kt\u00f3rej ka\u017cdy uczestnik b\u0119dzie m\u00f3g\u0142 zdoby\u0107 wiedz\u0119 i umiej\u0119tno\u015bci potrzebne do \u015bwiadomego korzystania z j\u0119zyka, dbaj\u0105c o to, aby nasze przekazy by\u0142y jak najbardziej odpowiedzialne i szanuj\u0105ce r\u00f3\u017cnorodno\u015b\u0107.<\/p><p><strong>Cel szkolenia:\u00a0<\/strong>podniesienie poziomu wiedzy i umiej\u0119tno\u015bci w zakresie tworzenia i redagowania tre\u015bci wg. zasad j\u0119zyka inkluzyjnego.<\/p><p><strong>Adresatami szkolenia<\/strong> s\u0105 redaktorzy tre\u015bci, autorzy tekst\u00f3w.<\/p><p><strong>Szkolenie podzielone jest na trzy modu\u0142y:<\/strong> wyk\u0142ad, \u0107wiczenia, analiza przypadk\u00f3w.<\/p>\t\t\t\t\t\t\t\t<\/div>\n\t\t\t\t<\/div>\n\t\t\t\t\t<\/div>\n\t\t<\/div>\n\t\t\t\t\t<\/div>\n\t\t<\/section>\n\t\t\t\t<section class=\"elementor-section elementor-top-section elementor-element elementor-element-32437e4c elementor-section-boxed elementor-section-height-default elementor-section-height-default\" data-id=\"32437e4c\" data-element_type=\"section\" data-e-type=\"section\">\n\t\t\t\t\t\t<div class=\"elementor-container elementor-column-gap-default\">\n\t\t\t\t\t<div class=\"elementor-column elementor-col-100 elementor-top-column elementor-element elementor-element-490132b9\" data-id=\"490132b9\" data-element_type=\"column\" data-e-type=\"column\">\n\t\t\t<div class=\"elementor-widget-wrap\">\n\t\t\t\t\t\t\t<\/div>\n\t\t<\/div>\n\t\t\t\t\t<\/div>\n\t\t<\/section>\n\t\t\t\t<section class=\"elementor-section elementor-top-section elementor-element elementor-element-7ff8bf7e elementor-section-boxed elementor-section-height-default elementor-section-height-default\" data-id=\"7ff8bf7e\" data-element_type=\"section\" data-e-type=\"section\">\n\t\t\t\t\t\t<div class=\"elementor-container elementor-column-gap-default\">\n\t\t\t\t\t<div class=\"elementor-column elementor-col-50 elementor-top-column elementor-element elementor-element-3a06fa28\" data-id=\"3a06fa28\" data-element_type=\"column\" data-e-type=\"column\">\n\t\t\t<div class=\"elementor-widget-wrap elementor-element-populated\">\n\t\t\t\t\t\t<div class=\"elementor-element elementor-element-56fab4dc elementor-widget elementor-widget-heading\" data-id=\"56fab4dc\" data-element_type=\"widget\" data-e-type=\"widget\" data-widget_type=\"heading.default\">\n\t\t\t\t<div class=\"elementor-widget-container\">\n\t\t\t\t\t<h2 class=\"elementor-heading-title elementor-size-default\">Zakres tematyczny szkolenia<\/h2>\t\t\t\t<\/div>\n\t\t\t\t<\/div>\n\t\t\t\t\t<\/div>\n\t\t<\/div>\n\t\t\t\t<div class=\"elementor-column elementor-col-50 elementor-top-column elementor-element elementor-element-7bf54c60\" data-id=\"7bf54c60\" data-element_type=\"column\" data-e-type=\"column\">\n\t\t\t<div class=\"elementor-widget-wrap\">\n\t\t\t\t\t\t\t<\/div>\n\t\t<\/div>\n\t\t\t\t\t<\/div>\n\t\t<\/section>\n\t\t\t\t<section class=\"elementor-section elementor-top-section elementor-element elementor-element-17d85ae5 elementor-section-boxed elementor-section-height-default elementor-section-height-default\" data-id=\"17d85ae5\" data-element_type=\"section\" data-e-type=\"section\">\n\t\t\t\t\t\t<div class=\"elementor-container elementor-column-gap-default\">\n\t\t\t\t\t<div class=\"elementor-column elementor-col-100 elementor-top-column elementor-element elementor-element-422f0107\" data-id=\"422f0107\" data-element_type=\"column\" data-e-type=\"column\">\n\t\t\t<div class=\"elementor-widget-wrap\">\n\t\t\t\t\t\t\t<\/div>\n\t\t<\/div>\n\t\t\t\t\t<\/div>\n\t\t<\/section>\n\t\t\t\t<section class=\"elementor-section elementor-top-section elementor-element elementor-element-437e1e02 elementor-section-boxed elementor-section-height-default elementor-section-height-default\" data-id=\"437e1e02\" data-element_type=\"section\" data-e-type=\"section\">\n\t\t\t\t\t\t<div class=\"elementor-container elementor-column-gap-default\">\n\t\t\t\t\t<div class=\"elementor-column elementor-col-50 elementor-top-column elementor-element elementor-element-4caa0299\" data-id=\"4caa0299\" data-element_type=\"column\" data-e-type=\"column\">\n\t\t\t<div class=\"elementor-widget-wrap elementor-element-populated\">\n\t\t\t\t\t\t<div class=\"elementor-element elementor-element-5170b634 elementor-widget elementor-widget-text-editor\" data-id=\"5170b634\" data-element_type=\"widget\" data-e-type=\"widget\" data-widget_type=\"text-editor.default\">\n\t\t\t\t<div class=\"elementor-widget-container\">\n\t\t\t\t\t\t\t\t\t<p><strong>Dzie\u0144 1:<br \/><br \/><\/strong><strong>Modu\u0142 1: Wprowadzenie do j\u0119zyka inkluzywnego<\/strong><br \/>\u2022 Definicja j\u0119zyka inkluzywnego<br \/>\u2022 Dlaczego j\u0119zyk jest istotny dla inkluzji spo\u0142ecznej<br \/>\u2022 Przyk\u0142ady negatywnego wp\u0142ywu j\u0119zyka na wykluczenie<\/p><p><strong>Modu\u0142 2: Podstawy j\u0119zyka inkluzywnego<\/strong><br \/>\u2022 Unikanie stereotyp\u00f3w i uprzedze\u0144 w j\u0119zyku<br \/>\u2022 Korzystanie z neutralnej i inkluzywnej terminologii<br \/>\u2022 Zasady dotycz\u0105ce gender-neutralnego j\u0119zyka<\/p><p><strong>Modu\u0142 3: \u0106wiczenia praktyczne<\/strong><br \/>\u2022 Przeformu\u0142owywanie niew\u0142a\u015bciwych zda\u0144 na bardziej inkluzywne<br \/>\u2022 Tworzenie przyk\u0142adowych tekst\u00f3w z uwzgl\u0119dnieniem j\u0119zyka inkluzywnego<\/p><p><strong>Modu\u0142 4: Analiza przypadk\u00f3w<\/strong><br \/>\u2022 Przegl\u0105d artyku\u0142\u00f3w prasowych, og\u0142osze\u0144, czy reklam pod k\u0105tem poziomu inkluzyjno\u015bci j\u0119zykowej<br \/>\u2022 Dyskusja nad konsekwencjami u\u017cywania j\u0119zyka niew\u0142a\u015bciwego w r\u00f3\u017cnych kontekstach<\/p>\t\t\t\t\t\t\t\t<\/div>\n\t\t\t\t<\/div>\n\t\t\t\t\t<\/div>\n\t\t<\/div>\n\t\t\t\t<div class=\"elementor-column elementor-col-50 elementor-top-column elementor-element elementor-element-72065106\" data-id=\"72065106\" data-element_type=\"column\" data-e-type=\"column\">\n\t\t\t<div class=\"elementor-widget-wrap elementor-element-populated\">\n\t\t\t\t\t\t<div class=\"elementor-element elementor-element-7389dde0 elementor-widget elementor-widget-text-editor\" data-id=\"7389dde0\" data-element_type=\"widget\" data-e-type=\"widget\" data-widget_type=\"text-editor.default\">\n\t\t\t\t<div class=\"elementor-widget-container\">\n\t\t\t\t\t\t\t\t\t<p><strong>Dzie\u0144 2:<\/strong><\/p><p><strong>Modu\u0142 5: Zaawansowane techniki j\u0119zyka inkluzywnego<\/strong><br \/>\u2022 Rola empatii i wra\u017cliwo\u015bci w j\u0119zyku inkluzywnym<br \/>\u2022 Jak unika\u0107 m\u00f3wienia w spos\u00f3b wykluczaj\u0105cy lub dyskryminuj\u0105cy<br \/>\u2022 Tworzenie przestrzeni dla r\u00f3\u017cnorodnych perspektyw w komunikacji<br \/><br \/><strong>Modu\u0142 6: \u0106wiczenia praktyczne<\/strong><br \/>\u2022 Scenariusze symuluj\u0105ce trudne sytuacje komunikacyjne wymagaj\u0105ce zastosowania j\u0119zyka inkluzywnego<br \/>\u2022 Kreowanie tekst\u00f3w wra\u017cliwych na r\u00f3\u017cne grupy spo\u0142eczne i ich do\u015bwiadczenia<br \/><br \/><strong>Modu\u0142 7: Analiza zaawansowanych przypadk\u00f3w<\/strong><br \/>\u2022 Studia przypadk\u00f3w z r\u00f3\u017cnych bran\u017c lub instytucji, kt\u00f3re skutecznie stosuj\u0105 j\u0119zyk inkluzyjny<br \/>\u2022 Om\u00f3wienie strategii, kt\u00f3re mo\u017cna wyci\u0105gn\u0105\u0107 z tych przypadk\u00f3w do stosowania w w\u0142asnej praktyce komunikacyjnej<br \/><br \/><strong>Modu\u0142 8: Dyskusja i podsumowanie<\/strong><br \/>\u2022 Refleksja nad osobistym post\u0119pem i wyzwaniami w stosowaniu j\u0119zyka inkluzywnego<br \/>\u2022 Wsp\u00f3\u0142tworzenie listy najlepszych praktyk dla inkluzywnego komunikowania si\u0119<br \/>\u2022 Planowanie dzia\u0142a\u0144 na przysz\u0142o\u015b\u0107 w kontek\u015bcie promowania j\u0119zyka inkluzywnego<\/p>\t\t\t\t\t\t\t\t<\/div>\n\t\t\t\t<\/div>\n\t\t\t\t\t<\/div>\n\t\t<\/div>\n\t\t\t\t\t<\/div>\n\t\t<\/section>\n\t\t\t\t<section class=\"elementor-section elementor-top-section elementor-element elementor-element-2685de20 elementor-section-boxed elementor-section-height-default elementor-section-height-default\" data-id=\"2685de20\" data-element_type=\"section\" data-e-type=\"section\">\n\t\t\t\t\t\t<div class=\"elementor-container elementor-column-gap-default\">\n\t\t\t\t\t<div class=\"elementor-column elementor-col-100 elementor-top-column elementor-element elementor-element-113bbca0\" data-id=\"113bbca0\" data-element_type=\"column\" data-e-type=\"column\">\n\t\t\t<div class=\"elementor-widget-wrap\">\n\t\t\t\t\t\t\t<\/div>\n\t\t<\/div>\n\t\t\t\t\t<\/div>\n\t\t<\/section>\n\t\t\t\t<section class=\"elementor-section elementor-top-section elementor-element elementor-element-5fdbed33 elementor-section-boxed elementor-section-height-default elementor-section-height-default\" data-id=\"5fdbed33\" data-element_type=\"section\" data-e-type=\"section\">\n\t\t\t\t\t\t<div class=\"elementor-container elementor-column-gap-default\">\n\t\t\t\t\t<div class=\"elementor-column elementor-col-33 elementor-top-column elementor-element elementor-element-2d70452d\" data-id=\"2d70452d\" data-element_type=\"column\" data-e-type=\"column\">\n\t\t\t<div class=\"elementor-widget-wrap elementor-element-populated\">\n\t\t\t\t\t\t<div class=\"elementor-element elementor-element-2cf697ed elementor-widget elementor-widget-heading\" data-id=\"2cf697ed\" data-element_type=\"widget\" data-e-type=\"widget\" data-widget_type=\"heading.default\">\n\t\t\t\t<div class=\"elementor-widget-container\">\n\t\t\t\t\t<h2 class=\"elementor-heading-title elementor-size-default\">Dlaczego warto wzi\u0105\u0107 udzia\u0142 w szkoleniu?<\/h2>\t\t\t\t<\/div>\n\t\t\t\t<\/div>\n\t\t\t\t\t<\/div>\n\t\t<\/div>\n\t\t\t\t<div class=\"elementor-column elementor-col-66 elementor-top-column elementor-element elementor-element-7f25facd\" data-id=\"7f25facd\" data-element_type=\"column\" data-e-type=\"column\">\n\t\t\t<div class=\"elementor-widget-wrap elementor-element-populated\">\n\t\t\t\t\t\t<div class=\"elementor-element elementor-element-2b3d4e5b elementor-widget elementor-widget-text-editor\" data-id=\"2b3d4e5b\" data-element_type=\"widget\" data-e-type=\"widget\" data-widget_type=\"text-editor.default\">\n\t\t\t\t<div class=\"elementor-widget-container\">\n\t\t\t\t\t\t\t\t\t<p>Warto wzi\u0105\u0107 udzia\u0142 w tym szkoleniu, poniewa\u017c umo\u017cliwi on uczestnikom poszerzenie \u015bwiadomo\u015bci na temat j\u0119zyka inkluzywnego, co jest kluczowe w budowaniu bardziej r\u00f3wno\u015bciowego spo\u0142ecze\u0144stwa. B\u0119d\u0105 mieli tak\u017ce okazj\u0119 zdoby\u0107 praktyczne umiej\u0119tno\u015bci stosowania j\u0119zyka inkluzywnego w r\u00f3\u017cnych kontekstach komunikacyjnych, co pozwoli im lepiej wyra\u017ca\u0107 szacunek i w\u0142\u0105cza\u0107 r\u00f3\u017cnorodne grupy spo\u0142eczne. Dodatkowo, uczestnictwo w szkoleniu pozwoli na lepsze zrozumienie konsekwencji stosowania nieinkluzywnego j\u0119zyka oraz sposob\u00f3w na unikanie potencjalnego wykluczenia w przestrzeni publicznej. Dzi\u0119ki praktycznym \u0107wiczeniom i analizie rzeczywistych przypadk\u00f3w, uczestnicy b\u0119d\u0105 mogli rozwija\u0107 swoje umiej\u0119tno\u015bci komunikacyjne, co przek\u0142ada si\u0119 na bardziej efektywn\u0105 i odpowiedzialn\u0105 komunikacj\u0119.\u00a0<\/p>\t\t\t\t\t\t\t\t<\/div>\n\t\t\t\t<\/div>\n\t\t\t\t\t<\/div>\n\t\t<\/div>\n\t\t\t\t\t<\/div>\n\t\t<\/section>\n\t\t\t\t<section class=\"elementor-section elementor-top-section elementor-element elementor-element-6ce38c31 elementor-section-boxed elementor-section-height-default elementor-section-height-default\" data-id=\"6ce38c31\" data-element_type=\"section\" data-e-type=\"section\">\n\t\t\t\t\t\t<div class=\"elementor-container elementor-column-gap-default\">\n\t\t\t\t\t<div class=\"elementor-column elementor-col-100 elementor-top-column elementor-element elementor-element-8d21135\" data-id=\"8d21135\" data-element_type=\"column\" data-e-type=\"column\">\n\t\t\t<div class=\"elementor-widget-wrap elementor-element-populated\">\n\t\t\t\t\t\t<div class=\"elementor-element elementor-element-60e601bd elementor-widget-divider--view-line elementor-widget elementor-widget-divider\" data-id=\"60e601bd\" data-element_type=\"widget\" data-e-type=\"widget\" data-widget_type=\"divider.default\">\n\t\t\t\t<div class=\"elementor-widget-container\">\n\t\t\t\t\t\t\t<div class=\"elementor-divider\">\n\t\t\t<span class=\"elementor-divider-separator\">\n\t\t\t\t\t\t<\/span>\n\t\t<\/div>\n\t\t\t\t\t\t<\/div>\n\t\t\t\t<\/div>\n\t\t\t\t\t<\/div>\n\t\t<\/div>\n\t\t\t\t\t<\/div>\n\t\t<\/section>\n\t\t\t\t<section class=\"elementor-section elementor-top-section elementor-element elementor-element-5033de04 elementor-section-boxed elementor-section-height-default elementor-section-height-default\" data-id=\"5033de04\" data-element_type=\"section\" data-e-type=\"section\">\n\t\t\t\t\t\t<div class=\"elementor-container elementor-column-gap-default\">\n\t\t\t\t\t<div class=\"elementor-column elementor-col-50 elementor-top-column elementor-element elementor-element-5bd86d3e\" data-id=\"5bd86d3e\" data-element_type=\"column\" data-e-type=\"column\">\n\t\t\t<div class=\"elementor-widget-wrap elementor-element-populated\">\n\t\t\t\t\t\t<div class=\"elementor-element elementor-element-6739e0e5 elementor-widget elementor-widget-image\" data-id=\"6739e0e5\" data-element_type=\"widget\" data-e-type=\"widget\" data-widget_type=\"image.default\">\n\t\t\t\t<div class=\"elementor-widget-container\">\n\t\t\t\t\t\t\t\t\t\t\t\t\t\t\t<img fetchpriority=\"high\" decoding=\"async\" width=\"1024\" height=\"576\" src=\"https:\/\/socjolab.pl\/wp-content\/uploads\/2024\/02\/wzory-graficzne-socjolab-14-1024x576.jpg\" class=\"attachment-large size-large wp-image-1025\" alt=\"j\u0119zyk inkluzywny w praktyce\" srcset=\"https:\/\/socjolab.pl\/wp-content\/uploads\/2024\/02\/wzory-graficzne-socjolab-14-1024x576.jpg 1024w, https:\/\/socjolab.pl\/wp-content\/uploads\/2024\/02\/wzory-graficzne-socjolab-14-300x169.jpg 300w, https:\/\/socjolab.pl\/wp-content\/uploads\/2024\/02\/wzory-graficzne-socjolab-14-768x432.jpg 768w, https:\/\/socjolab.pl\/wp-content\/uploads\/2024\/02\/wzory-graficzne-socjolab-14-1536x864.jpg 1536w, https:\/\/socjolab.pl\/wp-content\/uploads\/2024\/02\/wzory-graficzne-socjolab-14.jpg 1920w\" sizes=\"(max-width: 1024px) 100vw, 1024px\" \/>\t\t\t\t\t\t\t\t\t\t\t\t\t\t\t<\/div>\n\t\t\t\t<\/div>\n\t\t\t\t\t<\/div>\n\t\t<\/div>\n\t\t\t\t<div class=\"elementor-column elementor-col-50 elementor-top-column elementor-element elementor-element-6db8ce29\" data-id=\"6db8ce29\" data-element_type=\"column\" data-e-type=\"column\">\n\t\t\t<div class=\"elementor-widget-wrap elementor-element-populated\">\n\t\t\t\t\t\t<div class=\"elementor-element elementor-element-697e6159 elementor-widget elementor-widget-heading\" data-id=\"697e6159\" data-element_type=\"widget\" data-e-type=\"widget\" data-widget_type=\"heading.default\">\n\t\t\t\t<div class=\"elementor-widget-container\">\n\t\t\t\t\t<h2 class=\"elementor-heading-title elementor-size-default\">J\u0119zyk inkluzywny w praktyce<\/h2>\t\t\t\t<\/div>\n\t\t\t\t<\/div>\n\t\t\t\t<div class=\"elementor-element elementor-element-2778d914 elementor-widget elementor-widget-text-editor\" data-id=\"2778d914\" data-element_type=\"widget\" data-e-type=\"widget\" data-widget_type=\"text-editor.default\">\n\t\t\t\t<div class=\"elementor-widget-container\">\n\t\t\t\t\t\t\t\t\t<p>J\u0119zyk inkluzywny\u00a0<b>otwiera komunikacj\u0119 na r\u00f3\u017cnorodno\u015b\u0107.<\/b>\u00a0<b>Pozwala wyrazi\u0107 szacunek dla drugiej osoby, niezale\u017cnie od jej to\u017csamo\u015bci, wygl\u0105du i wieku<\/b>. M\u00f3wi\u0105c inkluzywnie, mo\u017cemy w rozmowie z dzieckiem wyra\u017ca\u0107 nasz\u0105 otwarto\u015b\u0107 na ka\u017cde pochodzenie, wyznanie, do\u015bwiadczenie choroby, prze\u017cywanie swojej p\u0142ci lub seksualno\u015b\u0107.<\/p>\t\t\t\t\t\t\t\t<\/div>\n\t\t\t\t<\/div>\n\t\t\t\t\t<\/div>\n\t\t<\/div>\n\t\t\t\t\t<\/div>\n\t\t<\/section>\n\t\t\t\t<section class=\"elementor-section elementor-top-section elementor-element elementor-element-41451473 elementor-section-boxed elementor-section-height-default elementor-section-height-default\" data-id=\"41451473\" data-element_type=\"section\" data-e-type=\"section\">\n\t\t\t\t\t\t<div class=\"elementor-container elementor-column-gap-default\">\n\t\t\t\t\t<div class=\"elementor-column elementor-col-100 elementor-top-column elementor-element elementor-element-6061125a\" data-id=\"6061125a\" data-element_type=\"column\" data-e-type=\"column\">\n\t\t\t<div class=\"elementor-widget-wrap elementor-element-populated\">\n\t\t\t\t\t\t<div class=\"elementor-element elementor-element-69c1f603 elementor-widget elementor-widget-spacer\" data-id=\"69c1f603\" data-element_type=\"widget\" data-e-type=\"widget\" data-widget_type=\"spacer.default\">\n\t\t\t\t<div class=\"elementor-widget-container\">\n\t\t\t\t\t\t\t<div class=\"elementor-spacer\">\n\t\t\t<div class=\"elementor-spacer-inner\"><\/div>\n\t\t<\/div>\n\t\t\t\t\t\t<\/div>\n\t\t\t\t<\/div>\n\t\t\t\t\t<\/div>\n\t\t<\/div>\n\t\t\t\t\t<\/div>\n\t\t<\/section>\n\t\t\t\t<section class=\"elementor-section elementor-top-section elementor-element elementor-element-46055d52 elementor-section-boxed elementor-section-height-default elementor-section-height-default\" data-id=\"46055d52\" data-element_type=\"section\" data-e-type=\"section\">\n\t\t\t\t\t\t<div class=\"elementor-container elementor-column-gap-default\">\n\t\t\t\t\t<div class=\"elementor-column elementor-col-66 elementor-top-column elementor-element elementor-element-4e69c757\" data-id=\"4e69c757\" data-element_type=\"column\" data-e-type=\"column\">\n\t\t\t<div class=\"elementor-widget-wrap elementor-element-populated\">\n\t\t\t\t\t\t<div class=\"elementor-element elementor-element-5a6a0649 elementor-widget elementor-widget-heading\" data-id=\"5a6a0649\" data-element_type=\"widget\" data-e-type=\"widget\" data-widget_type=\"heading.default\">\n\t\t\t\t<div class=\"elementor-widget-container\">\n\t\t\t\t\t<h2 class=\"elementor-heading-title elementor-size-default\">Organizacja szkolenia j\u0119zyka inkluzywnego w praktyce<\/h2>\t\t\t\t<\/div>\n\t\t\t\t<\/div>\n\t\t\t\t<div class=\"elementor-element elementor-element-307eeebb elementor-widget elementor-widget-text-editor\" data-id=\"307eeebb\" data-element_type=\"widget\" data-e-type=\"widget\" data-widget_type=\"text-editor.default\">\n\t\t\t\t<div class=\"elementor-widget-container\">\n\t\t\t\t\t\t\t\t\t<p>Tematyk\u0119 szkolenia dopasujemy do Twoich indywidualnych potrzeb &#8211; w przypadku szkolenia zamkni\u0119tego mo\u017cesz liczy\u0107 na dopasowanie programu w oparciu o potrzeby, np. wi\u0119ksza cz\u0119\u015b\u0107 skupia\u0107 si\u0119 mo\u017ce na ryzyku lub tworzeniu kontroli w oparciu o struktur\u0119 organizacyjn\u0105.&nbsp;&nbsp;<span style=\"background-color: var(--nv-site-bg); color: var(--nv-text-color); font-size: var(--bodyfontsize); font-weight: var(--bodyfontweight); letter-spacing: var(--bodyletterspacing); text-transform: var(--bodytexttransform);\">Naszym celem jest dostarczenie warto\u015bciowych i efektywnych szkole\u0144, kt\u00f3re przyczyni\u0105 si\u0119 do sukcesu Twojej organizacji.<\/span><\/p>\n<p>Zapytanie ofertowe wy\u015blij na adres:&nbsp;<strong>biuro@socjolab.pl<\/strong><\/p>\t\t\t\t\t\t\t\t<\/div>\n\t\t\t\t<\/div>\n\t\t\t\t<div class=\"elementor-element elementor-element-62508276 elementor-align-center elementor-widget elementor-widget-button\" data-id=\"62508276\" data-element_type=\"widget\" data-e-type=\"widget\" data-widget_type=\"button.default\">\n\t\t\t\t<div class=\"elementor-widget-container\">\n\t\t\t\t\t\t\t\t\t<div class=\"elementor-button-wrapper\">\n\t\t\t\t\t<a class=\"elementor-button elementor-button-link elementor-size-sm\" href=\"https:\/\/socjolab.pl\/?page_id=102\">\n\t\t\t\t\t\t<span class=\"elementor-button-content-wrapper\">\n\t\t\t\t\t\t\t\t\t<span class=\"elementor-button-text\">POZNAJ NAS BLI\u017bEJ<\/span>\n\t\t\t\t\t<\/span>\n\t\t\t\t\t<\/a>\n\t\t\t\t<\/div>\n\t\t\t\t\t\t\t\t<\/div>\n\t\t\t\t<\/div>\n\t\t\t\t\t<\/div>\n\t\t<\/div>\n\t\t\t\t<div class=\"elementor-column elementor-col-33 elementor-top-column elementor-element elementor-element-759c66ee\" data-id=\"759c66ee\" data-element_type=\"column\" data-e-type=\"column\">\n\t\t\t<div class=\"elementor-widget-wrap elementor-element-populated\">\n\t\t\t\t\t\t<div class=\"elementor-element elementor-element-54155275 elementor-widget elementor-widget-image\" data-id=\"54155275\" data-element_type=\"widget\" data-e-type=\"widget\" data-widget_type=\"image.default\">\n\t\t\t\t<div class=\"elementor-widget-container\">\n\t\t\t\t\t\t\t\t\t\t\t\t\t\t\t<img decoding=\"async\" width=\"1024\" height=\"1024\" src=\"https:\/\/socjolab.pl\/wp-content\/uploads\/2023\/06\/socjolab-10-1024x1024.jpg\" class=\"attachment-large size-large wp-image-534\" alt=\"\" srcset=\"https:\/\/socjolab.pl\/wp-content\/uploads\/2023\/06\/socjolab-10-1024x1024.jpg 1024w, https:\/\/socjolab.pl\/wp-content\/uploads\/2023\/06\/socjolab-10-300x300.jpg 300w, https:\/\/socjolab.pl\/wp-content\/uploads\/2023\/06\/socjolab-10-150x150.jpg 150w, https:\/\/socjolab.pl\/wp-content\/uploads\/2023\/06\/socjolab-10-768x768.jpg 768w, https:\/\/socjolab.pl\/wp-content\/uploads\/2023\/06\/socjolab-10.jpg 1080w\" sizes=\"(max-width: 1024px) 100vw, 1024px\" \/>\t\t\t\t\t\t\t\t\t\t\t\t\t\t\t<\/div>\n\t\t\t\t<\/div>\n\t\t\t\t\t<\/div>\n\t\t<\/div>\n\t\t\t\t\t<\/div>\n\t\t<\/section>\n\t\t\t\t<section class=\"elementor-section elementor-top-section elementor-element elementor-element-4c151d06 elementor-section-boxed elementor-section-height-default elementor-section-height-default\" data-id=\"4c151d06\" data-element_type=\"section\" data-e-type=\"section\">\n\t\t\t\t\t\t<div class=\"elementor-container elementor-column-gap-default\">\n\t\t\t\t\t<div class=\"elementor-column elementor-col-100 elementor-top-column elementor-element elementor-element-448f723d\" data-id=\"448f723d\" data-element_type=\"column\" data-e-type=\"column\">\n\t\t\t<div class=\"elementor-widget-wrap\">\n\t\t\t\t\t\t\t<\/div>\n\t\t<\/div>\n\t\t\t\t\t<\/div>\n\t\t<\/section>\n\t\t\t\t<section class=\"elementor-section elementor-top-section elementor-element elementor-element-5f333acb elementor-section-boxed elementor-section-height-default elementor-section-height-default\" data-id=\"5f333acb\" data-element_type=\"section\" data-e-type=\"section\">\n\t\t\t\t\t\t<div class=\"elementor-container elementor-column-gap-default\">\n\t\t\t\t\t<div class=\"elementor-column elementor-col-50 elementor-top-column elementor-element elementor-element-5ce6f3b4\" data-id=\"5ce6f3b4\" data-element_type=\"column\" data-e-type=\"column\">\n\t\t\t<div class=\"elementor-widget-wrap elementor-element-populated\">\n\t\t\t\t\t\t<div class=\"elementor-element elementor-element-67188009 elementor-widget elementor-widget-image\" data-id=\"67188009\" data-element_type=\"widget\" data-e-type=\"widget\" data-widget_type=\"image.default\">\n\t\t\t\t<div class=\"elementor-widget-container\">\n\t\t\t\t\t\t\t\t\t\t\t\t\t\t\t<img decoding=\"async\" width=\"1024\" height=\"576\" src=\"https:\/\/socjolab.pl\/wp-content\/uploads\/2023\/12\/Laboratorium-spoleczne-6-1024x576.jpg\" class=\"attachment-large size-large wp-image-693\" alt=\"szkolenie, inkluzja, j\u0119zyk inkluzji\" srcset=\"https:\/\/socjolab.pl\/wp-content\/uploads\/2023\/12\/Laboratorium-spoleczne-6-1024x576.jpg 1024w, https:\/\/socjolab.pl\/wp-content\/uploads\/2023\/12\/Laboratorium-spoleczne-6-300x169.jpg 300w, https:\/\/socjolab.pl\/wp-content\/uploads\/2023\/12\/Laboratorium-spoleczne-6-768x432.jpg 768w, https:\/\/socjolab.pl\/wp-content\/uploads\/2023\/12\/Laboratorium-spoleczne-6-1536x864.jpg 1536w, https:\/\/socjolab.pl\/wp-content\/uploads\/2023\/12\/Laboratorium-spoleczne-6.jpg 1920w\" sizes=\"(max-width: 1024px) 100vw, 1024px\" \/>\t\t\t\t\t\t\t\t\t\t\t\t\t\t\t<\/div>\n\t\t\t\t<\/div>\n\t\t\t\t\t<\/div>\n\t\t<\/div>\n\t\t\t\t<div class=\"elementor-column elementor-col-50 elementor-top-column elementor-element elementor-element-1c159957\" data-id=\"1c159957\" data-element_type=\"column\" data-e-type=\"column\">\n\t\t\t<div class=\"elementor-widget-wrap elementor-element-populated\">\n\t\t\t\t\t\t<div class=\"elementor-element elementor-element-665b2dd6 elementor-widget elementor-widget-heading\" data-id=\"665b2dd6\" data-element_type=\"widget\" data-e-type=\"widget\" data-widget_type=\"heading.default\">\n\t\t\t\t<div class=\"elementor-widget-container\">\n\t\t\t\t\t<h2 class=\"elementor-heading-title elementor-size-default\">Czym jest j\u0119zyk inkluzywny w praktyce?<\/h2>\t\t\t\t<\/div>\n\t\t\t\t<\/div>\n\t\t\t\t<div class=\"elementor-element elementor-element-3b5e8877 elementor-widget elementor-widget-text-editor\" data-id=\"3b5e8877\" data-element_type=\"widget\" data-e-type=\"widget\" data-widget_type=\"text-editor.default\">\n\t\t\t\t<div class=\"elementor-widget-container\">\n\t\t\t\t\t\t\t\t\t<p>J\u0119zyk inkluzji d\u0105\u017cy do eliminacji wykluczaj\u0105cych lub dyskryminuj\u0105cych form wyra\u017cenia, aby stworzy\u0107 \u015brodowisko komunikacyjne, kt\u00f3re jest otwarte, przyjazne i dost\u0119pne dla wszystkich. Przeczytaj <a href=\"https:\/\/socjolab.pl\/?p=691\" target=\"_blank\" rel=\"noopener\">wi\u0119cej<\/a> na naszym blogu<\/p>\t\t\t\t\t\t\t\t<\/div>\n\t\t\t\t<\/div>\n\t\t\t\t\t<\/div>\n\t\t<\/div>\n\t\t\t\t\t<\/div>\n\t\t<\/section>\n\t\t\t\t<section class=\"elementor-section elementor-top-section elementor-element elementor-element-6c0bcfb4 elementor-section-boxed elementor-section-height-default elementor-section-height-default\" data-id=\"6c0bcfb4\" data-element_type=\"section\" data-e-type=\"section\">\n\t\t\t\t\t\t<div class=\"elementor-container elementor-column-gap-default\">\n\t\t\t\t\t<div class=\"elementor-column elementor-col-100 elementor-top-column elementor-element elementor-element-56f870de\" data-id=\"56f870de\" data-element_type=\"column\" data-e-type=\"column\">\n\t\t\t<div class=\"elementor-widget-wrap elementor-element-populated\">\n\t\t\t\t\t\t<div class=\"elementor-element elementor-element-59802fe0 elementor-widget elementor-widget-image\" data-id=\"59802fe0\" data-element_type=\"widget\" data-e-type=\"widget\" data-widget_type=\"image.default\">\n\t\t\t\t<div class=\"elementor-widget-container\">\n\t\t\t\t\t\t\t\t\t\t\t\t\t\t\t<img loading=\"lazy\" decoding=\"async\" width=\"1024\" height=\"416\" src=\"https:\/\/socjolab.pl\/wp-content\/uploads\/2023\/08\/klienci-socjolab-1024x416.jpg\" class=\"attachment-large size-large wp-image-594\" alt=\"klienci socjolab\" srcset=\"https:\/\/socjolab.pl\/wp-content\/uploads\/2023\/08\/klienci-socjolab-1024x416.jpg 1024w, https:\/\/socjolab.pl\/wp-content\/uploads\/2023\/08\/klienci-socjolab-300x122.jpg 300w, https:\/\/socjolab.pl\/wp-content\/uploads\/2023\/08\/klienci-socjolab-768x312.jpg 768w, https:\/\/socjolab.pl\/wp-content\/uploads\/2023\/08\/klienci-socjolab.jpg 1320w\" sizes=\"(max-width: 1024px) 100vw, 1024px\" \/>\t\t\t\t\t\t\t\t\t\t\t\t\t\t\t<\/div>\n\t\t\t\t<\/div>\n\t\t\t\t\t<\/div>\n\t\t<\/div>\n\t\t\t\t\t<\/div>\n\t\t<\/section>\n\t\t\t\t<\/div>\n\t\t","protected":false},"excerpt":{"rendered":"<p>J\u0119zyk inkluzywny w praktyce W dzisiejszych czasach, kiedy d\u0105\u017cymy do budowania spo\u0142ecze\u0144stwa opartego na r\u00f3wno\u015bci, szacunku i empatii, umiej\u0119tno\u015b\u0107 pos\u0142ugiwania si\u0119 j\u0119zykiem inkluzywnym staje si\u0119&hellip;&nbsp;<a href=\"https:\/\/socjolab.pl\/?page_id=1023\" class=\"\" rel=\"bookmark\">Dowiedz si\u0119 wi\u0119cej &raquo;<span class=\"screen-reader-text\">j\u0119zyk inkluzywny w praktyce<\/span><\/a><\/p>\n","protected":false},"author":1,"featured_media":1029,"parent":0,"menu_order":0,"comment_status":"closed","ping_status":"closed","template":"","meta":{"neve_meta_sidebar":"","neve_meta_container":"","neve_meta_enable_content_width":"","neve_meta_content_width":0,"neve_meta_title_alignment":"","neve_meta_author_avatar":"","neve_post_elements_order":"","neve_meta_disable_header":"","neve_meta_disable_footer":"","neve_meta_disable_title":"","footnotes":""},"class_list":["post-1023","page","type-page","status-publish","has-post-thumbnail","hentry"],"yoast_head":"<!-- This site is optimized with the Yoast SEO plugin v26.8 - https:\/\/yoast.com\/product\/yoast-seo-wordpress\/ -->\n<title>j\u0119zyk inkluzywny w praktyce - SOCJOLAB<\/title>\n<meta name=\"description\" content=\"Jak u\u017cywa\u0107 j\u0119zyka inkluzywnego w praktyce? To szkolenie skupione jest na s\u0142owie pisanym i u\u017cywanym w przestrzeni publicznej!\" \/>\n<meta name=\"robots\" content=\"index, follow, max-snippet:-1, max-image-preview:large, max-video-preview:-1\" \/>\n<link rel=\"canonical\" href=\"https:\/\/socjolab.pl\/?page_id=1023\" \/>\n<meta property=\"og:locale\" content=\"pl_PL\" \/>\n<meta property=\"og:type\" content=\"article\" \/>\n<meta property=\"og:title\" content=\"j\u0119zyk inkluzywny w praktyce - SOCJOLAB\" \/>\n<meta property=\"og:description\" content=\"Jak u\u017cywa\u0107 j\u0119zyka inkluzywnego w praktyce? To szkolenie skupione jest na s\u0142owie pisanym i u\u017cywanym w przestrzeni publicznej!\" \/>\n<meta property=\"og:url\" content=\"https:\/\/socjolab.pl\/?page_id=1023\" \/>\n<meta property=\"og:site_name\" content=\"SOCJOLAB\" \/>\n<meta property=\"article:modified_time\" content=\"2024-02-21T10:13:02+00:00\" \/>\n<meta property=\"og:image\" content=\"https:\/\/socjolab.pl\/wp-content\/uploads\/2024\/02\/wzory-graficzne-socjolab-13.jpg\" \/>\n\t<meta property=\"og:image:width\" content=\"1920\" \/>\n\t<meta property=\"og:image:height\" content=\"1080\" \/>\n\t<meta property=\"og:image:type\" content=\"image\/jpeg\" \/>\n<meta name=\"twitter:card\" content=\"summary_large_image\" \/>\n<meta name=\"twitter:label1\" content=\"Szacowany czas czytania\" \/>\n\t<meta name=\"twitter:data1\" content=\"5 minut\" \/>\n<script type=\"application\/ld+json\" class=\"yoast-schema-graph\">{\"@context\":\"https:\/\/schema.org\",\"@graph\":[{\"@type\":\"WebPage\",\"@id\":\"https:\/\/socjolab.pl\/?page_id=1023\",\"url\":\"https:\/\/socjolab.pl\/?page_id=1023\",\"name\":\"j\u0119zyk inkluzywny w praktyce - SOCJOLAB\",\"isPartOf\":{\"@id\":\"https:\/\/socjolab.pl\/#website\"},\"primaryImageOfPage\":{\"@id\":\"https:\/\/socjolab.pl\/?page_id=1023#primaryimage\"},\"image\":{\"@id\":\"https:\/\/socjolab.pl\/?page_id=1023#primaryimage\"},\"thumbnailUrl\":\"https:\/\/socjolab.pl\/wp-content\/uploads\/2024\/02\/wzory-graficzne-socjolab-13.jpg\",\"datePublished\":\"2024-02-21T10:05:14+00:00\",\"dateModified\":\"2024-02-21T10:13:02+00:00\",\"description\":\"Jak u\u017cywa\u0107 j\u0119zyka inkluzywnego w praktyce? To szkolenie skupione jest na s\u0142owie pisanym i u\u017cywanym w przestrzeni publicznej!\",\"breadcrumb\":{\"@id\":\"https:\/\/socjolab.pl\/?page_id=1023#breadcrumb\"},\"inLanguage\":\"pl-PL\",\"potentialAction\":[{\"@type\":\"ReadAction\",\"target\":[\"https:\/\/socjolab.pl\/?page_id=1023\"]}]},{\"@type\":\"ImageObject\",\"inLanguage\":\"pl-PL\",\"@id\":\"https:\/\/socjolab.pl\/?page_id=1023#primaryimage\",\"url\":\"https:\/\/socjolab.pl\/wp-content\/uploads\/2024\/02\/wzory-graficzne-socjolab-13.jpg\",\"contentUrl\":\"https:\/\/socjolab.pl\/wp-content\/uploads\/2024\/02\/wzory-graficzne-socjolab-13.jpg\",\"width\":1920,\"height\":1080,\"caption\":\"j\u0119zyk inkluzywny w praktyce\"},{\"@type\":\"BreadcrumbList\",\"@id\":\"https:\/\/socjolab.pl\/?page_id=1023#breadcrumb\",\"itemListElement\":[{\"@type\":\"ListItem\",\"position\":1,\"name\":\"Strona g\u0142\u00f3wna\",\"item\":\"https:\/\/socjolab.pl\/\"},{\"@type\":\"ListItem\",\"position\":2,\"name\":\"j\u0119zyk inkluzywny w praktyce\"}]},{\"@type\":\"WebSite\",\"@id\":\"https:\/\/socjolab.pl\/#website\",\"url\":\"https:\/\/socjolab.pl\/\",\"name\":\"SOCJOLAB\",\"description\":\"szkolenia, doradztwo\",\"publisher\":{\"@id\":\"https:\/\/socjolab.pl\/#organization\"},\"potentialAction\":[{\"@type\":\"SearchAction\",\"target\":{\"@type\":\"EntryPoint\",\"urlTemplate\":\"https:\/\/socjolab.pl\/?s={search_term_string}\"},\"query-input\":{\"@type\":\"PropertyValueSpecification\",\"valueRequired\":true,\"valueName\":\"search_term_string\"}}],\"inLanguage\":\"pl-PL\"},{\"@type\":\"Organization\",\"@id\":\"https:\/\/socjolab.pl\/#organization\",\"name\":\"CENTRUM SZKOLENIOWE\",\"url\":\"https:\/\/socjolab.pl\/\",\"logo\":{\"@type\":\"ImageObject\",\"inLanguage\":\"pl-PL\",\"@id\":\"https:\/\/socjolab.pl\/#\/schema\/logo\/image\/\",\"url\":\"https:\/\/socjolab.pl\/wp-content\/uploads\/2024\/03\/Bezowy-Pomaranczowy-Niebieski-i-Zielony-Nieregularne-Bazgroly-Zestaw-do-Swietowania-dla-Firmy-Post-na-Facebooka.jpg\",\"contentUrl\":\"https:\/\/socjolab.pl\/wp-content\/uploads\/2024\/03\/Bezowy-Pomaranczowy-Niebieski-i-Zielony-Nieregularne-Bazgroly-Zestaw-do-Swietowania-dla-Firmy-Post-na-Facebooka.jpg\",\"width\":940,\"height\":788,\"caption\":\"CENTRUM SZKOLENIOWE\"},\"image\":{\"@id\":\"https:\/\/socjolab.pl\/#\/schema\/logo\/image\/\"}}]}<\/script>\n<!-- \/ Yoast SEO plugin. -->","yoast_head_json":{"title":"j\u0119zyk inkluzywny w praktyce - SOCJOLAB","description":"Jak u\u017cywa\u0107 j\u0119zyka inkluzywnego w praktyce? To szkolenie skupione jest na s\u0142owie pisanym i u\u017cywanym w przestrzeni publicznej!","robots":{"index":"index","follow":"follow","max-snippet":"max-snippet:-1","max-image-preview":"max-image-preview:large","max-video-preview":"max-video-preview:-1"},"canonical":"https:\/\/socjolab.pl\/?page_id=1023","og_locale":"pl_PL","og_type":"article","og_title":"j\u0119zyk inkluzywny w praktyce - SOCJOLAB","og_description":"Jak u\u017cywa\u0107 j\u0119zyka inkluzywnego w praktyce? To szkolenie skupione jest na s\u0142owie pisanym i u\u017cywanym w przestrzeni publicznej!","og_url":"https:\/\/socjolab.pl\/?page_id=1023","og_site_name":"SOCJOLAB","article_modified_time":"2024-02-21T10:13:02+00:00","og_image":[{"width":1920,"height":1080,"url":"https:\/\/socjolab.pl\/wp-content\/uploads\/2024\/02\/wzory-graficzne-socjolab-13.jpg","type":"image\/jpeg"}],"twitter_card":"summary_large_image","twitter_misc":{"Szacowany czas czytania":"5 minut"},"schema":{"@context":"https:\/\/schema.org","@graph":[{"@type":"WebPage","@id":"https:\/\/socjolab.pl\/?page_id=1023","url":"https:\/\/socjolab.pl\/?page_id=1023","name":"j\u0119zyk inkluzywny w praktyce - SOCJOLAB","isPartOf":{"@id":"https:\/\/socjolab.pl\/#website"},"primaryImageOfPage":{"@id":"https:\/\/socjolab.pl\/?page_id=1023#primaryimage"},"image":{"@id":"https:\/\/socjolab.pl\/?page_id=1023#primaryimage"},"thumbnailUrl":"https:\/\/socjolab.pl\/wp-content\/uploads\/2024\/02\/wzory-graficzne-socjolab-13.jpg","datePublished":"2024-02-21T10:05:14+00:00","dateModified":"2024-02-21T10:13:02+00:00","description":"Jak u\u017cywa\u0107 j\u0119zyka inkluzywnego w praktyce? To szkolenie skupione jest na s\u0142owie pisanym i u\u017cywanym w przestrzeni publicznej!","breadcrumb":{"@id":"https:\/\/socjolab.pl\/?page_id=1023#breadcrumb"},"inLanguage":"pl-PL","potentialAction":[{"@type":"ReadAction","target":["https:\/\/socjolab.pl\/?page_id=1023"]}]},{"@type":"ImageObject","inLanguage":"pl-PL","@id":"https:\/\/socjolab.pl\/?page_id=1023#primaryimage","url":"https:\/\/socjolab.pl\/wp-content\/uploads\/2024\/02\/wzory-graficzne-socjolab-13.jpg","contentUrl":"https:\/\/socjolab.pl\/wp-content\/uploads\/2024\/02\/wzory-graficzne-socjolab-13.jpg","width":1920,"height":1080,"caption":"j\u0119zyk inkluzywny w praktyce"},{"@type":"BreadcrumbList","@id":"https:\/\/socjolab.pl\/?page_id=1023#breadcrumb","itemListElement":[{"@type":"ListItem","position":1,"name":"Strona g\u0142\u00f3wna","item":"https:\/\/socjolab.pl\/"},{"@type":"ListItem","position":2,"name":"j\u0119zyk inkluzywny w praktyce"}]},{"@type":"WebSite","@id":"https:\/\/socjolab.pl\/#website","url":"https:\/\/socjolab.pl\/","name":"SOCJOLAB","description":"szkolenia, doradztwo","publisher":{"@id":"https:\/\/socjolab.pl\/#organization"},"potentialAction":[{"@type":"SearchAction","target":{"@type":"EntryPoint","urlTemplate":"https:\/\/socjolab.pl\/?s={search_term_string}"},"query-input":{"@type":"PropertyValueSpecification","valueRequired":true,"valueName":"search_term_string"}}],"inLanguage":"pl-PL"},{"@type":"Organization","@id":"https:\/\/socjolab.pl\/#organization","name":"CENTRUM SZKOLENIOWE","url":"https:\/\/socjolab.pl\/","logo":{"@type":"ImageObject","inLanguage":"pl-PL","@id":"https:\/\/socjolab.pl\/#\/schema\/logo\/image\/","url":"https:\/\/socjolab.pl\/wp-content\/uploads\/2024\/03\/Bezowy-Pomaranczowy-Niebieski-i-Zielony-Nieregularne-Bazgroly-Zestaw-do-Swietowania-dla-Firmy-Post-na-Facebooka.jpg","contentUrl":"https:\/\/socjolab.pl\/wp-content\/uploads\/2024\/03\/Bezowy-Pomaranczowy-Niebieski-i-Zielony-Nieregularne-Bazgroly-Zestaw-do-Swietowania-dla-Firmy-Post-na-Facebooka.jpg","width":940,"height":788,"caption":"CENTRUM SZKOLENIOWE"},"image":{"@id":"https:\/\/socjolab.pl\/#\/schema\/logo\/image\/"}}]}},"_links":{"self":[{"href":"https:\/\/socjolab.pl\/index.php?rest_route=\/wp\/v2\/pages\/1023","targetHints":{"allow":["GET"]}}],"collection":[{"href":"https:\/\/socjolab.pl\/index.php?rest_route=\/wp\/v2\/pages"}],"about":[{"href":"https:\/\/socjolab.pl\/index.php?rest_route=\/wp\/v2\/types\/page"}],"author":[{"embeddable":true,"href":"https:\/\/socjolab.pl\/index.php?rest_route=\/wp\/v2\/users\/1"}],"replies":[{"embeddable":true,"href":"https:\/\/socjolab.pl\/index.php?rest_route=%2Fwp%2Fv2%2Fcomments&post=1023"}],"version-history":[{"count":4,"href":"https:\/\/socjolab.pl\/index.php?rest_route=\/wp\/v2\/pages\/1023\/revisions"}],"predecessor-version":[{"id":1028,"href":"https:\/\/socjolab.pl\/index.php?rest_route=\/wp\/v2\/pages\/1023\/revisions\/1028"}],"wp:featuredmedia":[{"embeddable":true,"href":"https:\/\/socjolab.pl\/index.php?rest_route=\/wp\/v2\/media\/1029"}],"wp:attachment":[{"href":"https:\/\/socjolab.pl\/index.php?rest_route=%2Fwp%2Fv2%2Fmedia&parent=1023"}],"curies":[{"name":"wp","href":"https:\/\/api.w.org\/{rel}","templated":true}]}}